{"id":52961,"date":"2026-04-09T09:53:01","date_gmt":"2026-04-09T09:53:01","guid":{"rendered":"https:\/\/arturbin.es\/property\/costa-de-valencia-faura\/"},"modified":"2026-04-09T09:53:01","modified_gmt":"2026-04-09T09:53:01","slug":"costa-de-valencia-faura","status":"publish","type":"property","link":"https:\/\/arturbin.es\/ru\/property\/costa-de-valencia-faura\/","title":{"rendered":"Costa de valencia, Faura"},"content":{"rendered":"<p>Piso reformado con garaje en venta en Faura~~Amplio y luminoso piso en la 1.\u00aa planta de un edificio moderno (2009) en una zona tranquila y bien cuidada de Faura, provincia de Valencia.~~\ud83d\udd39 Caracter\u00edsticas principales:~~Superficie total: 113 m\u00b2~~Planta: 1.\u00aa, edificio con ascensor~~3 dormitorios~~2 ba\u00f1os~~Amplio sal\u00f3n y cocina independiente~~Patio cerrado: un espacio ideal para relajarse o jugar~~Reforma de alta calidad~~Trastero y garaje incluidos en el precio~~\ud83c\udfe1 Complejo residencial acogedor y bien cuidado, con decoraci\u00f3n moderna y buen aislamiento ac\u00fastico y t\u00e9rmico.~~Sobre la zona y las infraestructuras:~Faura es una ciudad verde y tranquila con una infraestructura desarrollada:~~A poca distancia a pie: colegios, supermercados, farmacias, gimnasios, cafeter\u00edas y restaurantes~~Cerca de centros m\u00e9dicos, bancos y otros servicios importantes~~A la playa de Canet d&#8217;En Berenguer y al Puerto de Sagunto: a unos 10-15 minutos en coche~~Al centro de Valencia: 25 minutos~~\ud83d\ude97 Excelentes conexiones de transporte:~~F\u00e1cil acceso a las autopistas A-23 y V-21~~La ciudad cuenta con una estaci\u00f3n de tren, lo que permite llegar r\u00e1pidamente a Valencia y ciudades vecinas~~\ud83d\udccc Ideal para una vida c\u00f3moda o para invertir en alquiler.~~El anuncio se ofrece \u00fanicamente con fines informativos y est\u00e1 sujeto a cambios sin previo aviso.~<\/p>","protected":false},"excerpt":{"rendered":"<p>Piso reformado con garaje en venta en Faura~~Amplio y luminoso piso en la 1.\u00aa planta de un edificio moderno (2009) en una zona tranquila y bien cuidada de Faura, provincia de Valencia.~~\ud83d\udd39 Caracter\u00edsticas principales:~~Superficie total: 113 m\u00b2~~Planta: 1.\u00aa, edificio con ascensor~~3 dormitorios~~2 ba\u00f1os~~Amplio sal\u00f3n y cocina independiente~~Patio cerrado: un espacio ideal para relajarse o jugar~~Reforma de alta calidad~~Trastero y garaje incluidos en el precio~~\ud83c\udfe1 Complejo residencial acogedor y bien cuidado, con decoraci\u00f3n moderna y buen aislamiento ac\u00fastico y t\u00e9rmico.~~Sobre la zona y las infraestructuras:~Faura es una ciudad verde y tranquila con una infraestructura desarrollada:~~A poca distancia a pie: colegios, supermercados, farmacias, gimnasios, cafeter\u00edas y restaurantes~~Cerca de centros m\u00e9dicos, bancos y otros servicios importantes~~A la playa de Canet d&#8217;En Berenguer y al Puerto de Sagunto: a unos 10-15 minutos en coche~~Al centro de Valencia: 25 minutos~~\ud83d\ude97 Excelentes conexiones de transporte:~~F\u00e1cil acceso a las autopistas A-23 y V-21~~La ciudad cuenta con una estaci\u00f3n de tren, lo que permite llegar r\u00e1pidamente a Valencia y ciudades vecinas~~\ud83d\udccc Ideal para una vida c\u00f3moda o para invertir en alquiler.~~El anuncio se ofrece \u00fanicamente con fines informativos y est\u00e1 sujeto a cambios sin previo aviso.~<\/p>","protected":false},"author":0,"featured_media":52962,"parent":0,"menu_order":0,"template":"","property_type":[31],"property_status":[209],"property_feature":[],"property_label":[],"property_country":[],"property_state":[],"property_city":[],"property_area":[],"class_list":["post-52961","property","type-property","status-publish","has-post-thumbnail","hentry","property_type-apartment","property_status-for-sale"],"acf":[],"property_meta":{"has_images":["1"],"_imported_ref_1765108950":["25437914"],"_property_import_data":["<propiedad>\n<id>25437914<\/id>\n<numagencia>11747<\/numagencia>\n<calidades\/>\n<provincia>VALENCIA<\/provincia>\n<key_loca>708599<\/key_loca>\n<key_tipo>2799<\/key_tipo>\n<tipovpo>6<\/tipovpo>\n<vpo_name>Libre<\/vpo_name>\n<destacado>0<\/destacado>\n<antiguedad>2009<\/antiguedad>\n<tipo_ofer>Apartamento<\/tipo_ofer>\n<fecha>2025-06-03 11:36:02<\/fecha>\n<fechaact>2026-01-14 20:03:30<\/fechaact>\n<keypromo>0<\/keypromo>\n<opcioncompra>0<\/opcioncompra>\n<aconsultar>0<\/aconsultar>\n<latitud>39.725922647<\/latitud>\n<altitud>-0.258786667<\/altitud>\n<aseos>0<\/aseos>\n<banyos>2<\/banyos>\n<carpint\/>\n<carpext\/>\n<comunidadincluida>0<\/comunidadincluida>\n<tfachada\/>\n<tcocina\/>\n<tpostigo\/>\n<tbano\/>\n<tinterior><![CDATA[]]><\/tinterior>\n<distmar>0<\/distmar>\n<planta>1<\/planta>\n<conservacion>Buen estado<\/conservacion>\n<gastos_com>0<\/gastos_com>\n<habdobles>3<\/habdobles>\n<habitaciones>0<\/habitaciones>\n<m_cons>113.00<\/m_cons>\n<m_parcela>0<\/m_parcela>\n<m_uties>110.00<\/m_uties>\n<m_cocina>0.00<\/m_cocina>\n<m_comedor>0.00<\/m_comedor>\n<m_terraza>0.00<\/m_terraza>\n<numplanta>0<\/numplanta>\n<orientacion\/>\n<salon>0<\/salon>\n<precioinmo>165000<\/precioinmo>\n<preciotraspaso>0<\/preciotraspaso>\n<precioalq>0<\/precioalq>\n<outlet>0<\/outlet>\n<ref>1477<\/ref>\n<accion>Vender<\/accion>\n<ciudad>Faura<\/ciudad>\n<cp>46512<\/cp>\n<zona>Costa de valencia<\/zona>\n<adaptadominus>0<\/adaptadominus>\n<airecentral>0<\/airecentral>\n<aire_con>1<\/aire_con>\n<alarma>0<\/alarma>\n<alarmaincendio>0<\/alarmaincendio>\n<alarmarobo>0<\/alarmarobo>\n<arma_empo>0<\/arma_empo>\n<ascensor>1<\/ascensor>\n<balcon>0<\/balcon>\n<bar>0<\/bar>\n<jardin>0<\/jardin>\n<barbacoa>0<\/barbacoa>\n<cajafuerte>0<\/cajafuerte>\n<keycalefa>9<\/keycalefa>\n<keysuelo>0<\/keysuelo>\n<calefacentral>0<\/calefacentral>\n<calefaccion>0<\/calefaccion>\n<chimenea>0<\/chimenea>\n<depoagua>0<\/depoagua>\n<descalcificador>0<\/descalcificador>\n<despensa>0<\/despensa>\n<diafano>0<\/diafano>\n<electro>0<\/electro>\n<esquina>0<\/esquina>\n<galeria>0<\/galeria>\n<plaza_gara>2<\/plaza_gara>\n<garajedoble>0<\/garajedoble>\n<gasciudad>0<\/gasciudad>\n<gimnasio>0<\/gimnasio>\n<habjuegos>0<\/habjuegos>\n<tipomensual>MES<\/tipomensual>\n<hidromasaje>0<\/hidromasaje>\n<jacuzzi>0<\/jacuzzi>\n<lavanderia>0<\/lavanderia>\n<linea_tlf>0<\/linea_tlf>\n<luminoso>0<\/luminoso>\n<ibi>0.00<\/ibi>\n<luz>0<\/luz>\n<muebles>0<\/muebles>\n<ojobuey>0<\/ojobuey>\n<parking>0<\/parking>\n<patio>0<\/patio>\n<piscina_com>0<\/piscina_com>\n<piscina_prop>0<\/piscina_prop>\n<preinstaacc>0<\/preinstaacc>\n<primera_line>0<\/primera_line>\n<puerta_blin>0<\/puerta_blin>\n<satelite>0<\/satelite>\n<sauna>0<\/sauna>\n<solarium>0<\/solarium>\n<sotano>0<\/sotano>\n<mirador>0<\/mirador>\n<apartseparado>0<\/apartseparado>\n<bombafriocalor>0<\/bombafriocalor>\n<buhardilla>0<\/buhardilla>\n<pergola>0<\/pergola>\n<tv>0<\/tv>\n<terraza>0<\/terraza>\n<terrazaacris>0<\/terrazaacris>\n<todoext>2<\/todoext>\n<trastero>1<\/trastero>\n<urbanizacion>0<\/urbanizacion>\n<nplazasparking>0<\/nplazasparking>\n<vestuarios>0<\/vestuarios>\n<precioparking\/>\n<preciogaraje\/>\n<vistasalmar>0<\/vistasalmar>\n<energialetra>E<\/energialetra>\n<energiarecibido>1<\/energiarecibido>\n<energiavalor>0<\/energiavalor>\n<emisionesletra>E<\/emisionesletra>\n<emisionesvalor>0<\/emisionesvalor>\n<cocina_inde>0<\/cocina_inde>\n<keyelectricidad>0<\/keyelectricidad>\n<keyfachada>0<\/keyfachada>\n<keyagua>0<\/keyagua>\n<keyvista>0<\/keyvista>\n<keytecho>0<\/keytecho>\n<montana>0<\/montana>\n<rural>0<\/rural>\n<costa>0<\/costa>\n<vallado>0<\/vallado>\n<autobuses>0<\/autobuses>\n<centros_comerciales>0<\/centros_comerciales>\n<tranvia>0<\/tranvia>\n<zonas_infantiles>0<\/zonas_infantiles>\n<colegios>0<\/colegios>\n<arboles>0<\/arboles>\n<hospitales>0<\/hospitales>\n<tren>0<\/tren>\n<metro>0<\/metro>\n<golf>0<\/golf>\n<descrip1><![CDATA[Piso reformado con garaje en venta en Faura~~Amplio y luminoso piso en la 1.\u00aa planta de un edificio moderno (2009) en una zona tranquila y bien cuidada de Faura, provincia de Valencia.~~\ud83d\udd39 Caracter\u00edsticas principales:~~Superficie total: 113 m\u00b2~~Planta: 1.\u00aa, edificio con ascensor~~3 dormitorios~~2 ba\u00f1os~~Amplio sal\u00f3n y cocina independiente~~Patio cerrado: un espacio ideal para relajarse o jugar~~Reforma de alta calidad~~Trastero y garaje incluidos en el precio~~\ud83c\udfe1 Complejo residencial acogedor y bien cuidado, con decoraci\u00f3n moderna y buen aislamiento ac\u00fastico y t\u00e9rmico.~~Sobre la zona y las infraestructuras:~Faura es una ciudad verde y tranquila con una infraestructura desarrollada:~~A poca distancia a pie: colegios, supermercados, farmacias, gimnasios, cafeter\u00edas y restaurantes~~Cerca de centros m\u00e9dicos, bancos y otros servicios importantes~~A la playa de Canet d'En Berenguer y al Puerto de Sagunto: a unos 10-15 minutos en coche~~Al centro de Valencia: 25 minutos~~\ud83d\ude97 Excelentes conexiones de transporte:~~F\u00e1cil acceso a las autopistas A-23 y V-21~~La ciudad cuenta con una estaci\u00f3n de tren, lo que permite llegar r\u00e1pidamente a Valencia y ciudades vecinas~~\ud83d\udccc Ideal para una vida c\u00f3moda o para invertir en alquiler.~~El anuncio se ofrece \u00fanicamente con fines informativos y est\u00e1 sujeto a cambios sin previo aviso.~]]><\/descrip1>\n<titulo1><![CDATA[]]><\/titulo1>\n<titulo2><![CDATA[]]><\/titulo2>\n<descrip2><![CDATA[Renovated apartment with garage for sale in Faura~~A spacious and bright apartment on the 1st floor of a modern building (2009) in a quiet and well-maintained area of \u200b\u200bthe city of Faura, province of Valencia.~~\ud83d\udd39 Main characteristics:~~Total area: 113 m\u00b2~~Floor: 1st, building with elevator~~3 bedrooms~~2 bathrooms~~Spacious living room and separate kitchen~~Closed patio - an ideal space for relaxation or play~~High-quality renovation~~Trastero (storage room) and garage included in the price~~\ud83c\udfe1 Cozy and well-maintained residential complex, modern decoration, good sound and heat insulation.~~About the area and infrastructure:~Faura is a green, quiet city with developed infrastructure:~~Within walking distance: schools, supermarkets, pharmacies, gyms, cafes and restaurants~~Nearby medical institutions, banks and other important services~~To the beach Canet d\u2019En Berenguer and Puerto de Sagunto - about 10-15 minutes by car~~To the center of Valencia - 25 minutes~~\ud83d\ude97 Excellent transport interchange:~~Convenient access to the A-23 and V-21 motorways~~The city has a train station, allowing you to quickly get to Valencia and neighboring cities~~\ud83d\udccc Ideal for a comfortable life or investment in rent.~~The ad is provided for informational purposes only and is subject to change without notice.~]]><\/descrip2>\n<titulo3><![CDATA[]]><\/titulo3>\n<descrip3><![CDATA[Die Unterkunft verf\u00fcgt \u00fcber eine Remont- und Garagenunterkunft in Faura~~\u041f\u0440\u043e\u0441\u0442\u043e\u0440\u043d\u0430\u044f \u0438 \u0441\u0432\u0435\u0442\u043b\u0430\u044f \u043a\u0432\u0430\u0440\u0442\u0438\u0440\u0430 \u043d\u0430 1-\u043c \u044d\u0442\u0430\u0436\u0435 \u0441\u043e\u0432\u0440\u0435\u043c\u0435\u043d\u043d\u043e\u0433\u043e \u0434\u043e\u043c\u0430 (2009 \u0433.) \u0432 \u0442\u0438\u0445\u043e\u043c \u0438 \u0431\u043b\u0430\u0433\u043e\u0443\u0441\u0442\u0440\u043e\u0435\u043d\u043d\u043e\u043c \u0433\u043e\u0440\u043e\u0434\u0430 \u0433\u043e\u0440\u043e\u0434\u0430 Faura, Provinz Valencia.~~\ud83d\udd39 Neue Eigenschaften:~~Nutzfl\u00e4che: 113 m\u00b2~~Stichwort: 1-Zoll, Haus mit Lift~~3 Monate~~2 Badezimmer~~\u041f\u0440\u043e\u0441\u0442\u043e\u0440\u043d\u0430\u044f \u0433\u043e\u0441\u0442\u0438\u043d\u0430\u044f \u0438 \u043e\u0442\u0434\u0435\u043b\u044c\u043d\u0430\u044f \u043a\u0443\u0445\u043d\u044f~~\u0417\u0430\u043a\u0440\u044b\u0442\u043e\u0435 patio \u2013 idealer Platz zum Ausgehen oder Spielen~~\u041a\u0430\u0447\u0435\u0441\u0442\u0432\u0435\u043d\u043d\u044b\u0439 \u0440\u0435\u043c\u043e\u043d\u0442~~Der Traaster (Kladowka) und die Garage sind im Laufe der Zeit geschlossen~~\ud83c\udfe1 \u0423\u044e\u0442\u043d\u044b\u0439 \u0438 \u0443\u0445\u043e\u0436\u0435\u043d\u043d\u044b\u0439 \u0436\u0438\u043b\u043e\u0439 Komplexe, aktuelle Entwicklung, gute Ergebnisse und Tests.~~Standort und Infrastruktur:~Faura \u2013 gr\u00fcner, spanischer Ort mit geteilter Infrastruktur:~~In vielen L\u00e4ndern: Schulen, Superm\u00e4rkte, Apps, Sportangebote, Caf\u00e9s und Restaurants~~Medizinische Versorgung, Banken und andere Dienstleistungen~~F\u00fcr den Ausflug nach Canet d\u2019En Berenguer und Puerto de Sagunto \u2013 etwa 10\u201315 Minuten mit dem Auto~~Im Zentrum von Valencia \u2013 25 Minuten~~\ud83d\ude97 Kleinere Transportm\u00f6glichkeiten:~~Weitere Informationen zu den Maschinen A-23 und V-21~~Im Laufe des Jahres \u2013 eine halbe Stunde, eine Woche vor der Abreise nach Valencia und \u0441\u043e\u0441\u0435\u0434\u043d\u0438\u0445 \u0433\u043e\u0440\u043e\u0434\u043e\u0432~~\ud83d\udccc Ideal geeignet f\u00fcr komfortables Reisen oder Investitionen in der Zukunft.~~Die Pr\u00fcfung erfolgt ausschlie\u00dflich im Rahmen von Informationsdaten und kann nur nach vorheriger Pr\u00fcfung erfolgen.~]]><\/descrip3>\n<titulo4><![CDATA[]]><\/titulo4>\n<descrip4><![CDATA[]]><\/descrip4>\n<titulo5><![CDATA[]]><\/titulo5>\n<descrip5><![CDATA[]]><\/descrip5>\n<titulo6><![CDATA[]]><\/titulo6>\n<descrip6><![CDATA[]]><\/descrip6>\n<titulo7><![CDATA[]]><\/titulo7>\n<descrip7><![CDATA[\u041f\u0440\u043e\u0434\u0430\u0451\u0442\u0441\u044f \u043a\u0432\u0430\u0440\u0442\u0438\u0440\u0430 \u0441 \u0440\u0435\u043c\u043e\u043d\u0442\u043e\u043c \u0438 \u0433\u0430\u0440\u0430\u0436\u043e\u043c \u0432 \u0424\u0430\u0443\u0440\u0435~~\u041f\u0440\u043e\u0441\u0442\u043e\u0440\u043d\u0430\u044f \u0438 \u0441\u0432\u0435\u0442\u043b\u0430\u044f \u043a\u0432\u0430\u0440\u0442\u0438\u0440\u0430 \u043d\u0430 1-\u043c \u044d\u0442\u0430\u0436\u0435 \u0441\u043e\u0432\u0440\u0435\u043c\u0435\u043d\u043d\u043e\u0433\u043e \u0434\u043e\u043c\u0430 (2009 \u0433.) \u0432 \u0442\u0438\u0445\u043e\u043c \u0438 \u0431\u043b\u0430\u0433\u043e\u0443\u0441\u0442\u0440\u043e\u0435\u043d\u043d\u043e\u043c \u0440\u0430\u0439\u043e\u043d\u0435 \u0433\u043e\u0440\u043e\u0434\u0430 \u0424\u0430\u0443\u0440\u0430, \u043f\u0440\u043e\u0432\u0438\u043d\u0446\u0438\u044f \u0412\u0430\u043b\u0435\u043d\u0441\u0438\u044f.~~\ud83d\udd39\u041e\u0441\u043d\u043e\u0432\u043d\u044b\u0435 \u0445\u0430\u0440\u0430\u043a\u0442\u0435\u0440\u0438\u0441\u0442\u0438\u043a\u0438:~~\u041e\u0431\u0449\u0430\u044f \u043f\u043b\u043e\u0449\u0430\u0434\u044c: 113 \u043c\u00b2~~\u042d\u0442\u0430\u0436: 1-\u0439, \u0434\u043e\u043c \u0441 \u043b\u0438\u0444\u0442\u043e\u043c~~3 \u0441\u043f\u0430\u043b\u044c\u043d\u0438~~2 \u0432\u0430\u043d\u043d\u044b\u0435 \u043a\u043e\u043c\u043d\u0430\u0442\u044b~~\u041f\u0440\u043e\u0441\u0442\u043e\u0440\u043d\u0430\u044f \u0433\u043e\u0441\u0442\u0438\u043d\u0430\u044f \u0438 \u043e\u0442\u0434\u0435\u043b\u044c\u043d\u0430\u044f \u043a\u0443\u0445\u043d\u044f~~\u0417\u0430\u043a\u0440\u044b\u0442\u043e\u0435 \u043f\u0430\u0442\u0438\u043e \u2014 \u0438\u0434\u0435\u0430\u043b\u044c\u043d\u043e\u0435 \u043f\u0440\u043e\u0441\u0442\u0440\u0430\u043d\u0441\u0442\u0432\u043e \u0434\u043b\u044f \u043e\u0442\u0434\u044b\u0445\u0430 \u0438\u043b\u0438 \u0438\u0433\u0440.~~\u041a\u0430\u0447\u0435\u0441\u0442\u0432\u0435\u043d\u043d\u044b\u0439 \u0440\u0435\u043c\u043e\u043d\u0442~~\u0422\u0440\u0430\u0441\u0442\u0435\u0440\u043e (\u043a\u043b\u0430\u0434\u043e\u0432\u043a\u0430) \u0438 \u0433\u0430\u0440\u0430\u0436 \u0432\u043a\u043b\u044e\u0447\u0435\u043d \u043f\u043e \u0446\u0435\u043d\u0435~~\ud83c\udfe1 \u0423\u044e\u0442\u043d\u044b\u0439 \u0438 \u0443\u0445\u043e\u0436\u0435\u043d\u043d\u044b\u0439 \u0436\u0438\u043b\u043e\u0439 \u043a\u043e\u043c\u043f\u043b\u0435\u043a\u0441, \u0441\u043e\u0432\u0440\u0435\u043c\u0435\u043d\u043d\u0430\u044f \u043e\u0442\u0434\u0435\u043b\u043a\u0430, \u0445\u043e\u0440\u043e\u0448\u0430\u044f \u0437\u0432\u0443\u043a\u043e- \u0438 \u0442\u0435\u043f\u043b\u043e\u0438\u0437\u043e\u043b\u044f\u0446\u0438\u044f.~~\u041e \u043c\u0435\u0441\u0442\u043e\u043f\u043e\u043b\u043e\u0436\u0435\u043d\u0438\u0438 \u0438 \u0438\u043d\u0444\u0440\u0430\u0441\u0442\u0440\u0443\u043a\u0442\u0443\u0440\u0435:~\u0424\u0430\u0443\u0440\u0430 \u2014 \u0437\u0435\u043b\u0451\u043d\u044b\u0439, \u0441\u043f\u043e\u043a\u043e\u0439\u043d\u044b\u0439 \u0433\u043e\u0440\u043e\u0434 \u0441 \u0440\u0430\u0437\u0432\u0438\u0442\u043e\u0439 \u0438\u043d\u0444\u0440\u0430\u0441\u0442\u0440\u0443\u043a\u0442\u0443\u0440\u043e\u0439:~~\u0412 \u043f\u0435\u0448\u0435\u0439 \u0434\u043e\u0441\u0442\u0443\u043f\u043d\u043e\u0441\u0442\u0438: \u0448\u043a\u043e\u043b\u044b, \u0441\u0443\u043f\u0435\u0440\u043c\u0430\u0440\u043a\u0435\u0442\u044b, \u0430\u043f\u0442\u0435\u043a\u0438, \u0441\u043f\u043e\u0440\u0442\u0438\u0432\u043d\u044b\u0435 \u0437\u0430\u043b\u044b, \u043a\u0430\u0444\u0435 \u0438 \u0440\u0435\u0441\u0442\u043e\u0440\u0430\u043d\u044b.~~\u0420\u044f\u0434\u043e\u043c \u043c\u0435\u0434\u0438\u0446\u0438\u043d\u0441\u043a\u0438\u0435 \u0443\u0447\u0440\u0435\u0436\u0434\u0435\u043d\u0438\u044f, \u0431\u0430\u043d\u043a\u0438 \u0438 \u0434\u0440\u0443\u0433\u0438\u0435 \u0432\u0430\u0436\u043d\u044b\u0435 \u0443\u0441\u043b\u0443\u0433\u0438.~~\u0414\u043e \u043f\u043b\u044f\u0436\u0430 \u041a\u0430\u043d\u0435\u0442-\u0434\u2019\u042d\u043d-\u0411\u0435\u0440\u0435\u043d\u0433\u0435\u0440 \u0438 \u041f\u0443\u044d\u0440\u0442\u043e-\u0434\u0435-\u0421\u0430\u0433\u0443\u043d\u0442\u043e \u2014 \u043e\u043a\u043e\u043b\u043e 10\u201315 \u043c\u0438\u043d\u0443\u0442 \u043d\u0430 \u0430\u0432\u0442\u043e.~~\u0414\u043e \u0446\u0435\u043d\u0442\u0440\u0430 \u0412\u0430\u043b\u0435\u043d\u0441\u0438\u0438 \u2014 25 \u043c\u0438\u043d\u0443\u0442.~~\ud83d\ude97 \u041e\u0442\u043b\u0438\u0447\u043d\u0430\u044f \u0442\u0440\u0430\u043d\u0441\u043f\u043e\u0440\u0442\u043d\u0430\u044f \u0440\u0430\u0437\u0432\u044f\u0437\u043a\u0430:~~\u0423\u0434\u043e\u0431\u043d\u044b\u0439 \u0432\u044b\u0435\u0437\u0434 \u043d\u0430 \u0430\u0432\u0442\u043e\u043c\u0430\u0433\u0438\u0441\u0442\u0440\u0430\u043b\u0438 \u0410-23 \u0438 \u0412-21~~\u0412 \u0433\u043e\u0440\u043e\u0434\u0435 \u2014 \u0436\/\u0434 \u0441\u0442\u0430\u043d\u0446\u0438\u044f, \u043f\u043e\u0437\u0432\u043e\u043b\u044f\u044e\u0449\u0430\u044f \u0431\u044b\u0441\u0442\u0440\u043e \u0434\u043e\u0431\u0440\u0430\u0442\u044c\u0441\u044f \u0434\u043e \u0412\u0430\u043b\u0435\u043d\u0441\u0438\u0438 \u0438 \u0432\u043e\u0441\u0441\u0442\u0430\u043d\u043e\u0432\u0438\u0442\u044c \u0433\u043e\u0440\u043e\u0434\u0430.~~\ud83d\udccc\u0418\u0434\u0435\u0430\u043b\u044c\u043d\u043e \u043f\u043e\u0434\u043e\u0439\u0434\u0451\u0442 \u0434\u043b\u044f \u043a\u043e\u043c\u0444\u043e\u0440\u0442\u043d\u043e\u0439 \u0436\u0438\u0437\u043d\u0438 \u0438\u043b\u0438 \u0438\u043d\u0432\u0435\u0441\u0442\u0438\u0446\u0438\u0439 \u0432 \u0430\u0440\u0435\u043d\u0434\u0443.~~\u041e\u0431\u044a\u044f\u0432\u043b\u0435\u043d\u0438\u0435 \u043f\u0440\u0435\u0434\u043e\u0441\u0442\u0430\u0432\u043b\u044f\u0435\u0442\u0441\u044f \u0438\u0441\u043a\u043b\u044e\u0447\u0438\u0442\u0435\u043b\u044c\u043d\u043e \u0432 \u0446\u0435\u043b\u044f\u0445 \u0438\u043d\u0444\u043e\u0440\u043c\u0430\u0446\u0438\u0438 \u0438 \u043c\u043e\u0436\u0435\u0442 \u0431\u044b\u0442\u044c \u0438\u0437\u043c\u0435\u043d\u0435\u043d\u043e \u0431\u0435\u0437 \u043f\u0440\u0435\u0434\u0432\u0430\u0440\u0438\u0442\u0435\u043b\u044c\u043d\u043e\u0433\u043e \u0443\u0432\u0435\u0434\u043e\u043c\u043b\u0435\u043d\u0438\u044f.~]]><\/descrip7>\n<titulo8><![CDATA[]]><\/titulo8>\n<descrip8><![CDATA[]]><\/descrip8>\n<titulo9><![CDATA[]]><\/titulo9>\n<descrip9><![CDATA[]]><\/descrip9>\n<titulo10><![CDATA[]]><\/titulo10>\n<descrip10><![CDATA[]]><\/descrip10>\n<titulo11><![CDATA[]]><\/titulo11>\n<descrip11><![CDATA[]]><\/descrip11>\n<titulo12><![CDATA[]]><\/titulo12>\n<descrip12><![CDATA[]]><\/descrip12>\n<titulo15><![CDATA[]]><\/titulo15>\n<descrip15><![CDATA[]]><\/descrip15>\n<titulo16><![CDATA[]]><\/titulo16>\n<descrip16><![CDATA[]]><\/descrip16>\n<titulo17><![CDATA[]]><\/titulo17>\n<descrip17><![CDATA[]]><\/descrip17>\n<titulo18><![CDATA[]]><\/titulo18>\n<descrip18><![CDATA[]]><\/descrip18>\n<titulo19><![CDATA[]]><\/titulo19>\n<descrip19><![CDATA[]]><\/descrip19>\n<titulo22><![CDATA[]]><\/titulo22>\n<descrip22><![CDATA[]]><\/descrip22>\n<titulo23><![CDATA[]]><\/titulo23>\n<descrip23><![CDATA[]]><\/descrip23>\n<titulo24><![CDATA[]]><\/titulo24>\n<descrip24><![CDATA[]]><\/descrip24>\n<titulo25><![CDATA[]]><\/titulo25>\n<descrip25><![CDATA[]]><\/descrip25>\n<estadoficha>1<\/estadoficha>\n<exclu>0<\/exclu>\n<tour\/>\n<keyagente>180163<\/keyagente>\n<agente><![CDATA[Yana Bin]]><\/agente>\n<email_agente\/>\n<prefijo_tlf_agente>34<\/prefijo_tlf_agente>\n<tlf_agente>607524066<\/tlf_agente>\n<numpanos>0<\/numpanos>\n<numfotos>20<\/numfotos>\n<foto1>https:\/\/fotos15.apinmo.com\/11747\/25437914\/3-1.jpg<\/foto1>\n<foto2>https:\/\/fotos15.apinmo.com\/11747\/25437914\/3-2.jpg<\/foto2>\n<foto3>https:\/\/fotos15.apinmo.com\/11747\/25437914\/3-3.jpg<\/foto3>\n<foto4>https:\/\/fotos15.apinmo.com\/11747\/25437914\/3-4.jpg<\/foto4>\n<foto5>https:\/\/fotos15.apinmo.com\/11747\/25437914\/3-5.jpg<\/foto5>\n<foto6>https:\/\/fotos15.apinmo.com\/11747\/25437914\/3-6.jpg<\/foto6>\n<foto7>https:\/\/fotos15.apinmo.com\/11747\/25437914\/3-7.jpg<\/foto7>\n<foto8>https:\/\/fotos15.apinmo.com\/11747\/25437914\/3-8.jpg<\/foto8>\n<foto9>https:\/\/fotos15.apinmo.com\/11747\/25437914\/3-9.jpg<\/foto9>\n<foto10>https:\/\/fotos15.apinmo.com\/11747\/25437914\/3-10.jpg<\/foto10>\n<foto11>https:\/\/fotos15.apinmo.com\/11747\/25437914\/3-11.jpg<\/foto11>\n<foto12>https:\/\/fotos15.apinmo.com\/11747\/25437914\/3-12.jpg<\/foto12>\n<foto13>https:\/\/fotos15.apinmo.com\/11747\/25437914\/3-13.jpg<\/foto13>\n<foto14>https:\/\/fotos15.apinmo.com\/11747\/25437914\/3-14.jpg<\/foto14>\n<foto15>https:\/\/fotos15.apinmo.com\/11747\/25437914\/3-15.jpg<\/foto15>\n<foto16>https:\/\/fotos15.apinmo.com\/11747\/25437914\/3-16.jpg<\/foto16>\n<foto17>https:\/\/fotos15.apinmo.com\/11747\/25437914\/3-17.jpg<\/foto17>\n<foto18>https:\/\/fotos15.apinmo.com\/11747\/25437914\/3-18.jpg<\/foto18>\n<foto19>https:\/\/fotos15.apinmo.com\/11747\/25437914\/3-19.jpg<\/foto19>\n<foto20>https:\/\/fotos15.apinmo.com\/11747\/25437914\/3-20.jpg<\/foto20>\n<numpanos>0<\/numpanos>\n<videos\/><\/propiedad>"],"fave_property_price_prefix":[""],"fave_property_price":["165000"],"fave_property_price_postfix":[""],"fave_property_bedrooms":["0"],"fave_property_bathrooms":[""],"fave_property_rooms":[""],"fave_property_garage":[""],"fave_property_id":["1477"],"fave_property_size":["113.00"],"fave_property_size_prefix":["sqm"],"fave_property_land":[""],"fave_property_land_postfix":[""],"fave_property_map":["1"],"fave_property_map_address":["Costa de valencia, Faura, 46512"],"houzez_geolocation_lat":["39.725922647"],"houzez_geolocation_long":["-0.258786667"],"fave_property_location":["39.725922647,-0.258786667,14"],"fave_property_country":["ES"],"fave_property_address":["Costa de valencia, Faura"],"fave_property_zip":["46512"],"fave_featured":["0"],"houzez_featured_listing_date":[""],"fave_agent_display_option":["author_info"],"_thumbnail_id":["52962"],"fave_property_images":["52962","52963","52964","52965","52966","52967","52968","52969","52970","52971","52972","52973","52974","52975","52976","52977","52978","52979","52980","52981"],"images_stored_as_urls":[""],"fave_video_url":[""],"fave_virtual_tour":[""],"fave_loggedintoview":["0"],"fave_single_content_area":["global"],"fave_single_top_area":["global"],"fave_prop_homeslider":["no"],"_property_import_data_time":["1775728394"],"houzez_total_property_views":["22"],"houzez_views_by_date":["a:8:{s:10:\"04-16-2026\";i:2;s:10:\"04-18-2026\";i:5;s:10:\"04-19-2026\";i:3;s:10:\"04-20-2026\";i:1;s:10:\"04-21-2026\";i:1;s:10:\"04-22-2026\";i:4;s:10:\"04-24-2026\";i:2;s:10:\"04-25-2026\";i:4;}"],"houzez_recently_viewed":["2026-04-25 06:40:30"],"_elementor_page_assets":["a:0:{}"]},"_links":{"self":[{"href":"https:\/\/arturbin.es\/ru\/wp-json\/wp\/v2\/properties\/52961","targetHints":{"allow":["GET"]}}],"collection":[{"href":"https:\/\/arturbin.es\/ru\/wp-json\/wp\/v2\/properties"}],"about":[{"href":"https:\/\/arturbin.es\/ru\/wp-json\/wp\/v2\/types\/property"}],"version-history":[{"count":0,"href":"https:\/\/arturbin.es\/ru\/wp-json\/wp\/v2\/properties\/52961\/revisions"}],"wp:featuredmedia":[{"embeddable":true,"href":"https:\/\/arturbin.es\/ru\/wp-json\/wp\/v2\/media\/52962"}],"wp:attachment":[{"href":"https:\/\/arturbin.es\/ru\/wp-json\/wp\/v2\/media?parent=52961"}],"wp:term":[{"taxonomy":"property_type","embeddable":true,"href":"https:\/\/arturbin.es\/ru\/wp-json\/wp\/v2\/property_type?post=52961"},{"taxonomy":"property_status","embeddable":true,"href":"https:\/\/arturbin.es\/ru\/wp-json\/wp\/v2\/property_status?post=52961"},{"taxonomy":"property_feature","embeddable":true,"href":"https:\/\/arturbin.es\/ru\/wp-json\/wp\/v2\/property_feature?post=52961"},{"taxonomy":"property_label","embeddable":true,"href":"https:\/\/arturbin.es\/ru\/wp-json\/wp\/v2\/property_label?post=52961"},{"taxonomy":"property_country","embeddable":true,"href":"https:\/\/arturbin.es\/ru\/wp-json\/wp\/v2\/property_country?post=52961"},{"taxonomy":"property_state","embeddable":true,"href":"https:\/\/arturbin.es\/ru\/wp-json\/wp\/v2\/property_state?post=52961"},{"taxonomy":"property_city","embeddable":true,"href":"https:\/\/arturbin.es\/ru\/wp-json\/wp\/v2\/property_city?post=52961"},{"taxonomy":"property_area","embeddable":true,"href":"https:\/\/arturbin.es\/ru\/wp-json\/wp\/v2\/property_area?post=52961"}],"curies":[{"name":"wp","href":"https:\/\/api.w.org\/{rel}","templated":true}]}}